{"id":22203,"date":"2023-01-26T13:20:22","date_gmt":"2023-01-26T12:20:22","guid":{"rendered":"https:\/\/museomitag.it\/?page_id=22203"},"modified":"2025-08-18T11:54:17","modified_gmt":"2025-08-18T09:54:17","slug":"oeffnungszeiten","status":"publish","type":"page","link":"https:\/\/museomitag.it\/de\/info\/oeffnungszeiten\/","title":{"rendered":"\u00d6ffnungszeiten"},"content":{"rendered":"<p>[vc_row gap=&#8220;10&#8243; equal_height=&#8220;yes&#8220; el_id=&#8220;orari&#8220; css=&#8220;.vc_custom_1639650714402{margin-top: 30px !important;}&#8220;][vc_column width=&#8220;1\/2&#8243;][vc_column_text css=&#8220;.vc_custom_1755510841092{padding-top: 20px !important;padding-right: 20px !important;padding-bottom: 30px !important;padding-left: 20px !important;background-color: #f2f2f2 !important;}&#8220;]<\/p>\n<h3>\u00d6ffnungszeiten<\/h3>\n<p>&nbsp;<\/p>\n<h4>Museum und Schloss<\/h4>\n<p>Dienstag bis Sonntag 10 \u2013 18 Uhr<br \/>\n<strong>Letzter Einlass 17.00 Uhr<\/strong><br \/>\nMontags, 24., 25. und 31. Dezember, 1. Januar, au\u00dfer an Feiertagen, geschlossen<\/p>\n<p><strong>Am ersten Sonntag im November ist der Eintritt frei<\/strong><\/p>\n<p>&nbsp;<\/p>\n<h4>Artillerie 1914-18<\/h4>\n<p>Von 1. Juni bis 2. November<br \/>\nDienstag bis Sonntag 10.00 \u2013 17.45 Uhr<br \/>\n<strong>Letzter Einlass 17.30 Uhr<\/strong><br \/>\nMontags au\u00dfer an Feiertagen geschlossen<\/p>\n<p><strong>Sonder\u00f6ffnungen<\/strong><br \/>\nMontag, 11., 18. und 25. August<\/p>\n<p><strong>Au\u00dfergew\u00f6hnliche Er\u00f6ffnung am Sonntag, 2. November<\/strong>[\/vc_column_text][\/vc_column][vc_column width=&#8220;1\/2&#8243;][vc_column_text]<\/p>\n<h3>Dauer des Besuchs<\/h3>\n<p>Die Tour umfasst den Zugang zum Museum, zum Schloss und zur Abteilung &#8222;Artillerie 1914-18&#8220; auf der nahe gelegenen Piazza Podest\u00e0 (von Ende Mai bis Oktober).<br \/>\nDer gesamte Besuch dauert mindestens eineinhalb Stunden (Museum + Austellungen)<\/p>\n<p><strong>Letzter Einlass ist um 17.00 Uhr.<\/strong><\/p>\n<p>[\/vc_column_text][\/vc_column][\/vc_row][vc_row gap=&#8220;10&#8243; equal_height=&#8220;yes&#8220; css=&#8220;.vc_custom_1639650649274{margin-top: 30px !important;}&#8220;][vc_column width=&#8220;1\/3&#8243; css=&#8220;.vc_custom_1639650680279{background-image: url(https:\/\/museomitag.it\/wp-content\/uploads\/2021\/12\/Piazza-Podesta-Rovereto-MSIG-scaled.jpg?id=18865) !important;background-position: center !important;background-repeat: no-repeat !important;background-size: cover !important;}&#8220; el_class=&#8220;msig_intro_icona&#8220;][vc_column_text]<\/p>\n<h3><a class=\"msig_intro_link\" title=\"Biglietti\" href=\"https:\/\/museomitag.it\/de\/info\/eintrittskarten\/\">Eintrittskarten<\/a><br \/>\n<a class=\"msig_intro_txt\" title=\"Biglietti\" href=\"https:\/\/museomitag.it\/de\/info\/eintrittskarten\/\">Eintrittskarten<\/a><\/h3>\n<p>[\/vc_column_text][\/vc_column][vc_column width=&#8220;1\/3&#8243; css=&#8220;.vc_custom_1639650684715{background-image: url(https:\/\/museomitag.it\/wp-content\/uploads\/2021\/12\/Castello-Rovereto1_Graziano-Galvagni-ph_low.jpg?id=18846) !important;background-position: center !important;background-repeat: no-repeat !important;background-size: cover !important;}&#8220; el_class=&#8220;msig_intro_icona&#8220;][vc_column_text]<\/p>\n<h3><a class=\"msig_intro_link\" title=\"Orari\" href=\"https:\/\/museomitag.it\/de\/info\/zugaenglichkeit\/\">Zug\u00e4nglichkeit<\/a><br \/>\n<a class=\"msig_intro_txt\" title=\"Orari\" href=\"https:\/\/museomitag.it\/de\/info\/zugaenglichkeit\/\">Zug\u00e4nglichkeit<\/a><\/h3>\n<p>[\/vc_column_text][\/vc_column][vc_column width=&#8220;1\/3&#8243; css=&#8220;.vc_custom_1755510855030{background-image: url(https:\/\/museomitag.it\/wp-content\/uploads\/2025\/08\/Mobicult-900&#215;450-1.jpg?id=29467) !important;background-position: center !important;background-repeat: no-repeat !important;background-size: cover !important;}&#8220; el_class=&#8220;msig_intro_icona&#8220;][vc_column_text]<\/p>\n<h3><a class=\"msig_intro_link\" title=\"Bookshop\" href=\"https:\/\/museomitag.it\/de\/info\/audiofuehrer\/\">Audiof\u00fchrer<\/a><br \/>\n<a class=\"msig_intro_txt\" title=\"Bookshop\" href=\"https:\/\/museomitag.it\/de\/info\/audiofuehrer\/\">Audiof\u00fchrer<\/a><\/h3>\n<p>[\/vc_column_text][\/vc_column][\/vc_row]<\/p>\n","protected":false},"excerpt":{"rendered":"<p>[vc_row gap=&#8220;10&#8243; equal_height=&#8220;yes&#8220; el_id=&#8220;orari&#8220; css=&#8220;.vc_custom_1639650714402{margin-top: 30px !important;}&#8220;][vc_column width=&#8220;1\/2&#8243;][vc_column_text css=&#8220;.vc_custom_1755510841092{padding-top: 20px !important;padding-right: 20px !important;padding-bottom: 30px !important;padding-left: 20px !important;background-color: #f2f2f2 !important;}&#8220;] \u00d6ffnungszeiten &nbsp; Museum und Schloss Dienstag bis Sonntag 10 \u2013 18 Uhr Letzter Einlass 17.00 Uhr Montags, 24., 25. und 31. Dezember, 1. Januar, au\u00dfer an Feiertagen, geschlossen Am ersten Sonntag im November ist der Eintritt<\/p>\n","protected":false},"author":1,"featured_media":0,"parent":22198,"menu_order":0,"comment_status":"closed","ping_status":"closed","template":"","meta":{"footnotes":""},"class_list":["post-22203","page","type-page","status-publish","hentry"],"yoast_head":"<!-- This site is optimized with the Yoast SEO plugin v27.3 - https:\/\/yoast.com\/product\/yoast-seo-wordpress\/ -->\n<title>\u00d6ffnungszeiten - Museo Storico Italiano della Guerra<\/title>\n<meta name=\"robots\" content=\"index, follow, max-snippet:-1, max-image-preview:large, max-video-preview:-1\" \/>\n<link rel=\"canonical\" href=\"https:\/\/museomitag.it\/de\/info\/oeffnungszeiten\/\" \/>\n<meta property=\"og:locale\" content=\"de_DE\" \/>\n<meta property=\"og:type\" content=\"article\" \/>\n<meta property=\"og:title\" content=\"\u00d6ffnungszeiten - Museo Storico Italiano della Guerra\" \/>\n<meta property=\"og:description\" content=\"[vc_row gap=&#8220;10&#8243; equal_height=&#8220;yes&#8220; el_id=&#8220;orari&#8220; css=&#8220;.vc_custom_1639650714402{margin-top: 30px !important;}&#8220;][vc_column width=&#8220;1\/2&#8243;][vc_column_text css=&#8220;.vc_custom_1755510841092{padding-top: 20px !important;padding-right: 20px !important;padding-bottom: 30px !important;padding-left: 20px !important;background-color: #f2f2f2 !important;}&#8220;] \u00d6ffnungszeiten &nbsp; Museum und Schloss Dienstag bis Sonntag 10 \u2013 18 Uhr Letzter Einlass 17.00 Uhr Montags, 24., 25. und 31. Dezember, 1. Januar, au\u00dfer an Feiertagen, geschlossen Am ersten Sonntag im November ist der Eintritt\" \/>\n<meta property=\"og:url\" content=\"https:\/\/museomitag.it\/de\/info\/oeffnungszeiten\/\" \/>\n<meta property=\"og:site_name\" content=\"Museo Storico Italiano della Guerra\" \/>\n<meta property=\"article:publisher\" content=\"https:\/\/www.facebook.com\/museomitag\/\" \/>\n<meta property=\"article:modified_time\" content=\"2025-08-18T09:54:17+00:00\" \/>\n<meta name=\"twitter:card\" content=\"summary_large_image\" \/>\n<meta name=\"twitter:label1\" content=\"Gesch\u00e4tzte Lesezeit\" \/>\n\t<meta name=\"twitter:data1\" content=\"1\u00a0Minute\" \/>\n<script type=\"application\/ld+json\" class=\"yoast-schema-graph\">{\"@context\":\"https:\\\/\\\/schema.org\",\"@graph\":[{\"@type\":\"WebPage\",\"@id\":\"https:\\\/\\\/museomitag.it\\\/de\\\/info\\\/oeffnungszeiten\\\/\",\"url\":\"https:\\\/\\\/museomitag.it\\\/de\\\/info\\\/oeffnungszeiten\\\/\",\"name\":\"\u00d6ffnungszeiten - Museo Storico Italiano della Guerra\",\"isPartOf\":{\"@id\":\"https:\\\/\\\/museomitag.it\\\/#website\"},\"datePublished\":\"2023-01-26T12:20:22+00:00\",\"dateModified\":\"2025-08-18T09:54:17+00:00\",\"breadcrumb\":{\"@id\":\"https:\\\/\\\/museomitag.it\\\/de\\\/info\\\/oeffnungszeiten\\\/#breadcrumb\"},\"inLanguage\":\"de\",\"potentialAction\":[{\"@type\":\"ReadAction\",\"target\":[\"https:\\\/\\\/museomitag.it\\\/de\\\/info\\\/oeffnungszeiten\\\/\"]}]},{\"@type\":\"BreadcrumbList\",\"@id\":\"https:\\\/\\\/museomitag.it\\\/de\\\/info\\\/oeffnungszeiten\\\/#breadcrumb\",\"itemListElement\":[{\"@type\":\"ListItem\",\"position\":1,\"name\":\"Home\",\"item\":\"https:\\\/\\\/museomitag.it\\\/de\\\/\"},{\"@type\":\"ListItem\",\"position\":2,\"name\":\"Besuch\",\"item\":\"https:\\\/\\\/museomitag.it\\\/de\\\/?page_id=22194\"},{\"@type\":\"ListItem\",\"position\":3,\"name\":\"Info\",\"item\":\"https:\\\/\\\/museomitag.it\\\/de\\\/info\\\/\"},{\"@type\":\"ListItem\",\"position\":4,\"name\":\"\u00d6ffnungszeiten\"}]},{\"@type\":\"WebSite\",\"@id\":\"https:\\\/\\\/museomitag.it\\\/#website\",\"url\":\"https:\\\/\\\/museomitag.it\\\/\",\"name\":\"MITAG Museo Storico Italiano della Guerra\",\"description\":\"Rovereto (TN) - Trentino\",\"publisher\":{\"@id\":\"https:\\\/\\\/museomitag.it\\\/#organization\"},\"potentialAction\":[{\"@type\":\"SearchAction\",\"target\":{\"@type\":\"EntryPoint\",\"urlTemplate\":\"https:\\\/\\\/museomitag.it\\\/?s={search_term_string}\"},\"query-input\":{\"@type\":\"PropertyValueSpecification\",\"valueRequired\":true,\"valueName\":\"search_term_string\"}}],\"inLanguage\":\"de\"},{\"@type\":\"Organization\",\"@id\":\"https:\\\/\\\/museomitag.it\\\/#organization\",\"name\":\"MITAG Museo Storico Italiano della Guerra\",\"url\":\"https:\\\/\\\/museomitag.it\\\/\",\"logo\":{\"@type\":\"ImageObject\",\"inLanguage\":\"de\",\"@id\":\"https:\\\/\\\/museomitag.it\\\/#\\\/schema\\\/logo\\\/image\\\/\",\"url\":\"https:\\\/\\\/museomitag.it\\\/wp-content\\\/uploads\\\/2025\\\/07\\\/Logo-MITAG-nero-500px.png\",\"contentUrl\":\"https:\\\/\\\/museomitag.it\\\/wp-content\\\/uploads\\\/2025\\\/07\\\/Logo-MITAG-nero-500px.png\",\"width\":500,\"height\":185,\"caption\":\"MITAG Museo Storico Italiano della Guerra\"},\"image\":{\"@id\":\"https:\\\/\\\/museomitag.it\\\/#\\\/schema\\\/logo\\\/image\\\/\"},\"sameAs\":[\"https:\\\/\\\/www.facebook.com\\\/museomitag\\\/\",\"https:\\\/\\\/www.instagram.com\\\/museomitag\\\/\"]}]}<\/script>\n<!-- \/ Yoast SEO plugin. -->","yoast_head_json":{"title":"\u00d6ffnungszeiten - Museo Storico Italiano della Guerra","robots":{"index":"index","follow":"follow","max-snippet":"max-snippet:-1","max-image-preview":"max-image-preview:large","max-video-preview":"max-video-preview:-1"},"canonical":"https:\/\/museomitag.it\/de\/info\/oeffnungszeiten\/","og_locale":"de_DE","og_type":"article","og_title":"\u00d6ffnungszeiten - Museo Storico Italiano della Guerra","og_description":"[vc_row gap=&#8220;10&#8243; equal_height=&#8220;yes&#8220; el_id=&#8220;orari&#8220; css=&#8220;.vc_custom_1639650714402{margin-top: 30px !important;}&#8220;][vc_column width=&#8220;1\/2&#8243;][vc_column_text css=&#8220;.vc_custom_1755510841092{padding-top: 20px !important;padding-right: 20px !important;padding-bottom: 30px !important;padding-left: 20px !important;background-color: #f2f2f2 !important;}&#8220;] \u00d6ffnungszeiten &nbsp; Museum und Schloss Dienstag bis Sonntag 10 \u2013 18 Uhr Letzter Einlass 17.00 Uhr Montags, 24., 25. und 31. Dezember, 1. Januar, au\u00dfer an Feiertagen, geschlossen Am ersten Sonntag im November ist der Eintritt","og_url":"https:\/\/museomitag.it\/de\/info\/oeffnungszeiten\/","og_site_name":"Museo Storico Italiano della Guerra","article_publisher":"https:\/\/www.facebook.com\/museomitag\/","article_modified_time":"2025-08-18T09:54:17+00:00","twitter_card":"summary_large_image","twitter_misc":{"Gesch\u00e4tzte Lesezeit":"1\u00a0Minute"},"schema":{"@context":"https:\/\/schema.org","@graph":[{"@type":"WebPage","@id":"https:\/\/museomitag.it\/de\/info\/oeffnungszeiten\/","url":"https:\/\/museomitag.it\/de\/info\/oeffnungszeiten\/","name":"\u00d6ffnungszeiten - Museo Storico Italiano della Guerra","isPartOf":{"@id":"https:\/\/museomitag.it\/#website"},"datePublished":"2023-01-26T12:20:22+00:00","dateModified":"2025-08-18T09:54:17+00:00","breadcrumb":{"@id":"https:\/\/museomitag.it\/de\/info\/oeffnungszeiten\/#breadcrumb"},"inLanguage":"de","potentialAction":[{"@type":"ReadAction","target":["https:\/\/museomitag.it\/de\/info\/oeffnungszeiten\/"]}]},{"@type":"BreadcrumbList","@id":"https:\/\/museomitag.it\/de\/info\/oeffnungszeiten\/#breadcrumb","itemListElement":[{"@type":"ListItem","position":1,"name":"Home","item":"https:\/\/museomitag.it\/de\/"},{"@type":"ListItem","position":2,"name":"Besuch","item":"https:\/\/museomitag.it\/de\/?page_id=22194"},{"@type":"ListItem","position":3,"name":"Info","item":"https:\/\/museomitag.it\/de\/info\/"},{"@type":"ListItem","position":4,"name":"\u00d6ffnungszeiten"}]},{"@type":"WebSite","@id":"https:\/\/museomitag.it\/#website","url":"https:\/\/museomitag.it\/","name":"MITAG Museo Storico Italiano della Guerra","description":"Rovereto (TN) - Trentino","publisher":{"@id":"https:\/\/museomitag.it\/#organization"},"potentialAction":[{"@type":"SearchAction","target":{"@type":"EntryPoint","urlTemplate":"https:\/\/museomitag.it\/?s={search_term_string}"},"query-input":{"@type":"PropertyValueSpecification","valueRequired":true,"valueName":"search_term_string"}}],"inLanguage":"de"},{"@type":"Organization","@id":"https:\/\/museomitag.it\/#organization","name":"MITAG Museo Storico Italiano della Guerra","url":"https:\/\/museomitag.it\/","logo":{"@type":"ImageObject","inLanguage":"de","@id":"https:\/\/museomitag.it\/#\/schema\/logo\/image\/","url":"https:\/\/museomitag.it\/wp-content\/uploads\/2025\/07\/Logo-MITAG-nero-500px.png","contentUrl":"https:\/\/museomitag.it\/wp-content\/uploads\/2025\/07\/Logo-MITAG-nero-500px.png","width":500,"height":185,"caption":"MITAG Museo Storico Italiano della Guerra"},"image":{"@id":"https:\/\/museomitag.it\/#\/schema\/logo\/image\/"},"sameAs":["https:\/\/www.facebook.com\/museomitag\/","https:\/\/www.instagram.com\/museomitag\/"]}]}},"_links":{"self":[{"href":"https:\/\/museomitag.it\/de\/wp-json\/wp\/v2\/pages\/22203","targetHints":{"allow":["GET"]}}],"collection":[{"href":"https:\/\/museomitag.it\/de\/wp-json\/wp\/v2\/pages"}],"about":[{"href":"https:\/\/museomitag.it\/de\/wp-json\/wp\/v2\/types\/page"}],"author":[{"embeddable":true,"href":"https:\/\/museomitag.it\/de\/wp-json\/wp\/v2\/users\/1"}],"replies":[{"embeddable":true,"href":"https:\/\/museomitag.it\/de\/wp-json\/wp\/v2\/comments?post=22203"}],"version-history":[{"count":16,"href":"https:\/\/museomitag.it\/de\/wp-json\/wp\/v2\/pages\/22203\/revisions"}],"predecessor-version":[{"id":29493,"href":"https:\/\/museomitag.it\/de\/wp-json\/wp\/v2\/pages\/22203\/revisions\/29493"}],"up":[{"embeddable":true,"href":"https:\/\/museomitag.it\/de\/wp-json\/wp\/v2\/pages\/22198"}],"wp:attachment":[{"href":"https:\/\/museomitag.it\/de\/wp-json\/wp\/v2\/media?parent=22203"}],"curies":[{"name":"wp","href":"https:\/\/api.w.org\/{rel}","templated":true}]}}