{"id":22299,"date":"2023-02-03T14:13:28","date_gmt":"2023-02-03T13:13:28","guid":{"rendered":"https:\/\/museomitag.it\/?page_id=22299"},"modified":"2023-02-03T14:13:28","modified_gmt":"2023-02-03T13:13:28","slug":"digitales-archiv","status":"publish","type":"page","link":"https:\/\/museomitag.it\/de\/sonderprojekte\/digitales-archiv\/","title":{"rendered":"Digitales Archiv"},"content":{"rendered":"<p>[vc_row][vc_column css=&#8220;.vc_custom_1638264090785{margin-bottom: 30px !important;}&#8220;][vc_single_image image=&#8220;18445&#8243; img_size=&#8220;full&#8220;][\/vc_column][\/vc_row][vc_row gap=&#8220;10&#8243; equal_height=&#8220;yes&#8220; css=&#8220;.vc_custom_1642685676651{margin-top: 30px !important;}&#8220;][vc_column width=&#8220;2\/3&#8243;][vc_column_text css=&#8220;.vc_custom_1675429978413{margin-bottom: 20px !important;}&#8220;]<\/p>\n<h3><strong>Online verf\u00fcgbare Bilder und Dokumente<\/strong><\/h3>\n<p>Einige Foto- und Archivbest\u00e4nde des umfangreichen Bestandes des Kriegsmuseum stehen online auf der Plattform <a href=\"http:\/\/archivimuseodellaguerra.archiui.com\/\">archivimuseodellaguerra.archiui.com<\/a> zur Verf\u00fcgung. Wissenschaftler und Interessierte k\u00f6nnen auf der Suche nach Fotografien und Dokumenten <strong>in den digitalen Sammlungen surfen<\/strong>. Das Portal wurde von \u201eArchiui\u201c f\u00fcr das Kriegsmuseum geschaffen und wird laufend aktualisiert. Es enth\u00e4lt eine kurze Zusammenfassung \u00fcber die digitalisierten Fundi oder die Schenkungen, die im Besitz des Museums sind. Auf dem Portal steht eine Suchfunktion zur Verf\u00fcgung. Die Digitalisierung der Archive konnte vom Museum in den letzten Jahren in Angriff genommen werden, auch dank der Unterst\u00fctzung des <strong>Amtes f\u00fcr Kulturg\u00fcter der Autonomen Provinz Trient<\/strong> und der Talgemeinschaft Vallagarina. Die Neuordnung und Aufwertung der Fundi war m\u00f6glich dank der Unterst\u00fctzung der Stiftung Caritro und Bim Adige.<\/p>\n<p>Das Fotoarchiv des Museums umfasst \u00fcber 100.000 Aufnahmen, zum Gro\u00dfteil aus den zwei Weltkriegen und den italienischen Kolonialkriegen.<\/p>\n<p>Zurzeit sind einige der bedeutenderen fotografischen Fundi bereits vollst\u00e4ndig online einsehbar, darunter die Fondi von <strong>Maurizio Rava, Aldo Finzi, Andrea Graziani, Gilbert de Wickels, Giuseppe Chini, Guglielmo Pecori Giraldi<\/strong>.<\/p>\n<p>Aus dem historischen Archiv, welches \u00fcber 200 Fundi aus der Kriegsgeschichte zwischen der Moderne und dem 21. Jahrhundert umfasst, sind zun\u00e4chst eine Auswahl von Plakaten, Karten sowie eine umfangreiche Sammlung von Druckwerken mit religi\u00f6sen Hintergrund (Heiligen-, Sterbebilder, Gebetsb\u00fccher) aus der Zeit der beiden Weltkriege digitalisiert. Darunter ist der wichtige und vollst\u00e4ndig digitalisierte Fundus von<strong> Francesco Monterumisi <\/strong>zu nennen.[\/vc_column_text][vc_single_image image=&#8220;18410&#8243; img_size=&#8220;large&#8220; onclick=&#8220;custom_link&#8220; css=&#8220;.vc_custom_1638367780660{padding-right: 20px !important;padding-bottom: 10px !important;padding-left: 20px !important;}&#8220; link=&#8220;https:\/\/archivimuseodellaguerra.archiui.com\/&#8220;][\/vc_column][vc_column width=&#8220;1\/3&#8243; css=&#8220;.vc_custom_1638367713007{padding-right: 20px !important;padding-left: 20px !important;background-color: #db4d43 !important;}&#8220;][vc_column_text css=&#8220;.vc_custom_1675430004653{padding-top: 20px !important;padding-right: 20px !important;padding-left: 20px !important;}&#8220;]<\/p>\n<h3><span style=\"color: #ffffff;\">Kontakte<\/span><\/h3>\n<p><span style=\"color: #ffffff;\"><strong>Nicola Fontana<\/strong><\/span><br \/>\n<span style=\"color: #ffffff;\">via della Terra 48, Rovereto<\/span><br \/>\n<span style=\"color: #ffffff;\">+39 0464 420824<\/span><br \/>\n<span style=\"color: #ffffff;\"><a class=\"moz-txt-link-abbreviated\" style=\"color: #ffffff;\" href=\"mailto:archivio@museodellaguerra.it\">archivio@museodellaguerra.it<\/a><\/span>[\/vc_column_text][vc_message message_box_color=&#8220;grey&#8220; icon_type=&#8220;entypo&#8220; icon_entypo=&#8220;entypo-icon entypo-icon-search&#8220; css=&#8220;.vc_custom_1638367880692{margin-top: 50px !important;margin-right: 20px !important;margin-left: 20px !important;}&#8220;]<strong><a href=\"https:\/\/archivimuseodellaguerra.archiui.com\/\">Esplora gli archivi digitali<\/a><\/strong>[\/vc_message][\/vc_column][\/vc_row]<\/p>\n","protected":false},"excerpt":{"rendered":"<p>[vc_row][vc_column css=&#8220;.vc_custom_1638264090785{margin-bottom: 30px !important;}&#8220;][vc_single_image image=&#8220;18445&#8243; img_size=&#8220;full&#8220;][\/vc_column][\/vc_row][vc_row gap=&#8220;10&#8243; equal_height=&#8220;yes&#8220; css=&#8220;.vc_custom_1642685676651{margin-top: 30px !important;}&#8220;][vc_column width=&#8220;2\/3&#8243;][vc_column_text css=&#8220;.vc_custom_1675429978413{margin-bottom: 20px !important;}&#8220;] Online verf\u00fcgbare Bilder und Dokumente Einige Foto- und Archivbest\u00e4nde des umfangreichen Bestandes des Kriegsmuseum stehen online auf der Plattform archivimuseodellaguerra.archiui.com zur Verf\u00fcgung. Wissenschaftler und Interessierte k\u00f6nnen auf der Suche nach Fotografien und Dokumenten in den digitalen Sammlungen surfen. Das Portal<\/p>\n","protected":false},"author":1,"featured_media":0,"parent":22295,"menu_order":0,"comment_status":"closed","ping_status":"closed","template":"page_chi.php","meta":{"footnotes":""},"class_list":["post-22299","page","type-page","status-publish","hentry"],"yoast_head":"<!-- This site is optimized with the Yoast SEO plugin v27.3 - https:\/\/yoast.com\/product\/yoast-seo-wordpress\/ -->\n<title>Digitales Archiv - Museo Storico Italiano della Guerra<\/title>\n<meta name=\"robots\" content=\"index, follow, max-snippet:-1, max-image-preview:large, max-video-preview:-1\" \/>\n<link rel=\"canonical\" href=\"https:\/\/museomitag.it\/de\/sonderprojekte\/digitales-archiv\/\" \/>\n<meta property=\"og:locale\" content=\"de_DE\" \/>\n<meta property=\"og:type\" content=\"article\" \/>\n<meta property=\"og:title\" content=\"Digitales Archiv - Museo Storico Italiano della Guerra\" \/>\n<meta property=\"og:description\" content=\"[vc_row][vc_column css=&#8220;.vc_custom_1638264090785{margin-bottom: 30px !important;}&#8220;][vc_single_image image=&#8220;18445&#8243; img_size=&#8220;full&#8220;][\/vc_column][\/vc_row][vc_row gap=&#8220;10&#8243; equal_height=&#8220;yes&#8220; css=&#8220;.vc_custom_1642685676651{margin-top: 30px !important;}&#8220;][vc_column width=&#8220;2\/3&#8243;][vc_column_text css=&#8220;.vc_custom_1675429978413{margin-bottom: 20px !important;}&#8220;] Online verf\u00fcgbare Bilder und Dokumente Einige Foto- und Archivbest\u00e4nde des umfangreichen Bestandes des Kriegsmuseum stehen online auf der Plattform archivimuseodellaguerra.archiui.com zur Verf\u00fcgung. Wissenschaftler und Interessierte k\u00f6nnen auf der Suche nach Fotografien und Dokumenten in den digitalen Sammlungen surfen. Das Portal\" \/>\n<meta property=\"og:url\" content=\"https:\/\/museomitag.it\/de\/sonderprojekte\/digitales-archiv\/\" \/>\n<meta property=\"og:site_name\" content=\"Museo Storico Italiano della Guerra\" \/>\n<meta property=\"article:publisher\" content=\"https:\/\/www.facebook.com\/museomitag\/\" \/>\n<meta name=\"twitter:card\" content=\"summary_large_image\" \/>\n<meta name=\"twitter:label1\" content=\"Gesch\u00e4tzte Lesezeit\" \/>\n\t<meta name=\"twitter:data1\" content=\"2\u00a0Minuten\" \/>\n<script type=\"application\/ld+json\" class=\"yoast-schema-graph\">{\"@context\":\"https:\\\/\\\/schema.org\",\"@graph\":[{\"@type\":\"WebPage\",\"@id\":\"https:\\\/\\\/museomitag.it\\\/de\\\/sonderprojekte\\\/digitales-archiv\\\/\",\"url\":\"https:\\\/\\\/museomitag.it\\\/de\\\/sonderprojekte\\\/digitales-archiv\\\/\",\"name\":\"Digitales Archiv - Museo Storico Italiano della Guerra\",\"isPartOf\":{\"@id\":\"https:\\\/\\\/museomitag.it\\\/#website\"},\"datePublished\":\"2023-02-03T13:13:28+00:00\",\"breadcrumb\":{\"@id\":\"https:\\\/\\\/museomitag.it\\\/de\\\/sonderprojekte\\\/digitales-archiv\\\/#breadcrumb\"},\"inLanguage\":\"de\",\"potentialAction\":[{\"@type\":\"ReadAction\",\"target\":[\"https:\\\/\\\/museomitag.it\\\/de\\\/sonderprojekte\\\/digitales-archiv\\\/\"]}]},{\"@type\":\"BreadcrumbList\",\"@id\":\"https:\\\/\\\/museomitag.it\\\/de\\\/sonderprojekte\\\/digitales-archiv\\\/#breadcrumb\",\"itemListElement\":[{\"@type\":\"ListItem\",\"position\":1,\"name\":\"Home\",\"item\":\"https:\\\/\\\/museomitag.it\\\/de\\\/\"},{\"@type\":\"ListItem\",\"position\":2,\"name\":\"Wer wir sind\",\"item\":\"https:\\\/\\\/museomitag.it\\\/de\\\/?page_id=22283\"},{\"@type\":\"ListItem\",\"position\":3,\"name\":\"Sonderprojekte\",\"item\":\"https:\\\/\\\/museomitag.it\\\/de\\\/sonderprojekte\\\/\"},{\"@type\":\"ListItem\",\"position\":4,\"name\":\"Digitales Archiv\"}]},{\"@type\":\"WebSite\",\"@id\":\"https:\\\/\\\/museomitag.it\\\/#website\",\"url\":\"https:\\\/\\\/museomitag.it\\\/\",\"name\":\"MITAG Museo Storico Italiano della Guerra\",\"description\":\"Rovereto (TN) - Trentino\",\"publisher\":{\"@id\":\"https:\\\/\\\/museomitag.it\\\/#organization\"},\"potentialAction\":[{\"@type\":\"SearchAction\",\"target\":{\"@type\":\"EntryPoint\",\"urlTemplate\":\"https:\\\/\\\/museomitag.it\\\/?s={search_term_string}\"},\"query-input\":{\"@type\":\"PropertyValueSpecification\",\"valueRequired\":true,\"valueName\":\"search_term_string\"}}],\"inLanguage\":\"de\"},{\"@type\":\"Organization\",\"@id\":\"https:\\\/\\\/museomitag.it\\\/#organization\",\"name\":\"MITAG Museo Storico Italiano della Guerra\",\"url\":\"https:\\\/\\\/museomitag.it\\\/\",\"logo\":{\"@type\":\"ImageObject\",\"inLanguage\":\"de\",\"@id\":\"https:\\\/\\\/museomitag.it\\\/#\\\/schema\\\/logo\\\/image\\\/\",\"url\":\"https:\\\/\\\/museomitag.it\\\/wp-content\\\/uploads\\\/2025\\\/07\\\/Logo-MITAG-nero-500px.png\",\"contentUrl\":\"https:\\\/\\\/museomitag.it\\\/wp-content\\\/uploads\\\/2025\\\/07\\\/Logo-MITAG-nero-500px.png\",\"width\":500,\"height\":185,\"caption\":\"MITAG Museo Storico Italiano della Guerra\"},\"image\":{\"@id\":\"https:\\\/\\\/museomitag.it\\\/#\\\/schema\\\/logo\\\/image\\\/\"},\"sameAs\":[\"https:\\\/\\\/www.facebook.com\\\/museomitag\\\/\",\"https:\\\/\\\/www.instagram.com\\\/museomitag\\\/\"]}]}<\/script>\n<!-- \/ Yoast SEO plugin. -->","yoast_head_json":{"title":"Digitales Archiv - Museo Storico Italiano della Guerra","robots":{"index":"index","follow":"follow","max-snippet":"max-snippet:-1","max-image-preview":"max-image-preview:large","max-video-preview":"max-video-preview:-1"},"canonical":"https:\/\/museomitag.it\/de\/sonderprojekte\/digitales-archiv\/","og_locale":"de_DE","og_type":"article","og_title":"Digitales Archiv - Museo Storico Italiano della Guerra","og_description":"[vc_row][vc_column css=&#8220;.vc_custom_1638264090785{margin-bottom: 30px !important;}&#8220;][vc_single_image image=&#8220;18445&#8243; img_size=&#8220;full&#8220;][\/vc_column][\/vc_row][vc_row gap=&#8220;10&#8243; equal_height=&#8220;yes&#8220; css=&#8220;.vc_custom_1642685676651{margin-top: 30px !important;}&#8220;][vc_column width=&#8220;2\/3&#8243;][vc_column_text css=&#8220;.vc_custom_1675429978413{margin-bottom: 20px !important;}&#8220;] Online verf\u00fcgbare Bilder und Dokumente Einige Foto- und Archivbest\u00e4nde des umfangreichen Bestandes des Kriegsmuseum stehen online auf der Plattform archivimuseodellaguerra.archiui.com zur Verf\u00fcgung. Wissenschaftler und Interessierte k\u00f6nnen auf der Suche nach Fotografien und Dokumenten in den digitalen Sammlungen surfen. Das Portal","og_url":"https:\/\/museomitag.it\/de\/sonderprojekte\/digitales-archiv\/","og_site_name":"Museo Storico Italiano della Guerra","article_publisher":"https:\/\/www.facebook.com\/museomitag\/","twitter_card":"summary_large_image","twitter_misc":{"Gesch\u00e4tzte Lesezeit":"2\u00a0Minuten"},"schema":{"@context":"https:\/\/schema.org","@graph":[{"@type":"WebPage","@id":"https:\/\/museomitag.it\/de\/sonderprojekte\/digitales-archiv\/","url":"https:\/\/museomitag.it\/de\/sonderprojekte\/digitales-archiv\/","name":"Digitales Archiv - Museo Storico Italiano della Guerra","isPartOf":{"@id":"https:\/\/museomitag.it\/#website"},"datePublished":"2023-02-03T13:13:28+00:00","breadcrumb":{"@id":"https:\/\/museomitag.it\/de\/sonderprojekte\/digitales-archiv\/#breadcrumb"},"inLanguage":"de","potentialAction":[{"@type":"ReadAction","target":["https:\/\/museomitag.it\/de\/sonderprojekte\/digitales-archiv\/"]}]},{"@type":"BreadcrumbList","@id":"https:\/\/museomitag.it\/de\/sonderprojekte\/digitales-archiv\/#breadcrumb","itemListElement":[{"@type":"ListItem","position":1,"name":"Home","item":"https:\/\/museomitag.it\/de\/"},{"@type":"ListItem","position":2,"name":"Wer wir sind","item":"https:\/\/museomitag.it\/de\/?page_id=22283"},{"@type":"ListItem","position":3,"name":"Sonderprojekte","item":"https:\/\/museomitag.it\/de\/sonderprojekte\/"},{"@type":"ListItem","position":4,"name":"Digitales Archiv"}]},{"@type":"WebSite","@id":"https:\/\/museomitag.it\/#website","url":"https:\/\/museomitag.it\/","name":"MITAG Museo Storico Italiano della Guerra","description":"Rovereto (TN) - Trentino","publisher":{"@id":"https:\/\/museomitag.it\/#organization"},"potentialAction":[{"@type":"SearchAction","target":{"@type":"EntryPoint","urlTemplate":"https:\/\/museomitag.it\/?s={search_term_string}"},"query-input":{"@type":"PropertyValueSpecification","valueRequired":true,"valueName":"search_term_string"}}],"inLanguage":"de"},{"@type":"Organization","@id":"https:\/\/museomitag.it\/#organization","name":"MITAG Museo Storico Italiano della Guerra","url":"https:\/\/museomitag.it\/","logo":{"@type":"ImageObject","inLanguage":"de","@id":"https:\/\/museomitag.it\/#\/schema\/logo\/image\/","url":"https:\/\/museomitag.it\/wp-content\/uploads\/2025\/07\/Logo-MITAG-nero-500px.png","contentUrl":"https:\/\/museomitag.it\/wp-content\/uploads\/2025\/07\/Logo-MITAG-nero-500px.png","width":500,"height":185,"caption":"MITAG Museo Storico Italiano della Guerra"},"image":{"@id":"https:\/\/museomitag.it\/#\/schema\/logo\/image\/"},"sameAs":["https:\/\/www.facebook.com\/museomitag\/","https:\/\/www.instagram.com\/museomitag\/"]}]}},"_links":{"self":[{"href":"https:\/\/museomitag.it\/de\/wp-json\/wp\/v2\/pages\/22299","targetHints":{"allow":["GET"]}}],"collection":[{"href":"https:\/\/museomitag.it\/de\/wp-json\/wp\/v2\/pages"}],"about":[{"href":"https:\/\/museomitag.it\/de\/wp-json\/wp\/v2\/types\/page"}],"author":[{"embeddable":true,"href":"https:\/\/museomitag.it\/de\/wp-json\/wp\/v2\/users\/1"}],"replies":[{"embeddable":true,"href":"https:\/\/museomitag.it\/de\/wp-json\/wp\/v2\/comments?post=22299"}],"version-history":[{"count":3,"href":"https:\/\/museomitag.it\/de\/wp-json\/wp\/v2\/pages\/22299\/revisions"}],"predecessor-version":[{"id":23845,"href":"https:\/\/museomitag.it\/de\/wp-json\/wp\/v2\/pages\/22299\/revisions\/23845"}],"up":[{"embeddable":true,"href":"https:\/\/museomitag.it\/de\/wp-json\/wp\/v2\/pages\/22295"}],"wp:attachment":[{"href":"https:\/\/museomitag.it\/de\/wp-json\/wp\/v2\/media?parent=22299"}],"curies":[{"name":"wp","href":"https:\/\/api.w.org\/{rel}","templated":true}]}}